{"id":2676,"date":"2023-08-17T15:01:44","date_gmt":"2023-08-17T13:01:44","guid":{"rendered":"https:\/\/assonances.fr\/WP\/?post_type=tribe_events&#038;p=2676"},"modified":"2023-08-17T15:02:56","modified_gmt":"2023-08-17T13:02:56","slug":"caravane-moselle-terre-de-jeux-a-florange","status":"publish","type":"tribe_events","link":"https:\/\/assonances.fr\/WP\/event\/caravane-moselle-terre-de-jeux-a-florange\/","title":{"rendered":"Caravane Moselle terre de Jeux \u00e0 Florange"},"content":{"rendered":"\t\t<div data-elementor-type=\"wp-post\" data-elementor-id=\"2676\" class=\"elementor elementor-2676\">\n\t\t\t\t\t\t<section class=\"elementor-section elementor-top-section elementor-element elementor-element-1b8ec959 elementor-section-boxed elementor-section-height-default elementor-section-height-default\" data-id=\"1b8ec959\" data-element_type=\"section\" data-e-type=\"section\">\n\t\t\t\t\t\t<div class=\"elementor-container elementor-column-gap-default\">\n\t\t\t\t\t<div class=\"elementor-column elementor-col-100 elementor-top-column elementor-element elementor-element-1cc39018\" data-id=\"1cc39018\" data-element_type=\"column\" data-e-type=\"column\">\n\t\t\t<div class=\"elementor-widget-wrap elementor-element-populated\">\n\t\t\t\t\t\t<div class=\"elementor-element elementor-element-44bea1c2 elementor-widget elementor-widget-text-editor\" data-id=\"44bea1c2\" data-element_type=\"widget\" data-e-type=\"widget\" data-widget_type=\"text-editor.default\">\n\t\t\t\t<div class=\"elementor-widget-container\">\n\t\t\t\t\t\t\t\t\t<p><a href=\"https:\/\/www.mosl.fr\/fr\/fiche-sit\/f845161586_caravane-dete-moselle-terre-de-jeux-florange\"><img fetchpriority=\"high\" decoding=\"async\" class=\"aligncenter size-full wp-image-2677\" src=\"https:\/\/assonances.fr\/WP\/wp-content\/uploads\/2023\/08\/V2_event_facebook_Caravanes_TDJ_Florange.png\" alt=\"\" width=\"1200\" height=\"628\" srcset=\"https:\/\/assonances.fr\/WP\/wp-content\/uploads\/2023\/08\/V2_event_facebook_Caravanes_TDJ_Florange.png 1200w, https:\/\/assonances.fr\/WP\/wp-content\/uploads\/2023\/08\/V2_event_facebook_Caravanes_TDJ_Florange-300x157.png 300w, https:\/\/assonances.fr\/WP\/wp-content\/uploads\/2023\/08\/V2_event_facebook_Caravanes_TDJ_Florange-1024x536.png 1024w, https:\/\/assonances.fr\/WP\/wp-content\/uploads\/2023\/08\/V2_event_facebook_Caravanes_TDJ_Florange-768x402.png 768w\" sizes=\"(max-width: 1200px) 100vw, 1200px\" \/><\/a><\/p><p>\u00a0<\/p><div class=\"x11i5rnm xat24cr x1mh8g0r x1vvkbs xtlvy1s x126k92a\"><div dir=\"auto\" style=\"text-align: center;\">Nous serons ce samedi \u00e0 Florange, au complexe de B\u00e9tange, pour la caravane, Moselle Terre de Jeux, pour des initiations, des d\u00e9monstrations de tai chi chuan.<\/div><\/div><div class=\"x11i5rnm xat24cr x1mh8g0r x1vvkbs xtlvy1s x126k92a\" style=\"text-align: center;\"><div dir=\"auto\">N&rsquo;h\u00e9sitez pas \u00e0 passer nous voir \u00e0 notre stand <span class=\"x3nfvp2 x1j61x8r x1fcty0u xdj266r xhhsvwb xat24cr xgzva0m xxymvpz xlup9mm x1kky2od\"><img decoding=\"async\" src=\"https:\/\/static.xx.fbcdn.net\/images\/emoji.php\/v9\/t4c\/1\/16\/1f642.png\" alt=\"\ud83d\ude42\" width=\"16\" height=\"16\" \/><\/span><\/div><\/div><div class=\"x11i5rnm xat24cr x1mh8g0r x1vvkbs xtlvy1s x126k92a\"><div dir=\"auto\" style=\"text-align: center;\">Nos d\u00e9monstrations seront \u00e0 11h30 et 14h, il y aura de nombreuses animations tout au long de la journ\u00e9e.<\/div><div dir=\"auto\" style=\"text-align: center;\"><em>Cliquez sur l&rsquo;image pour plus d&rsquo;informations<\/em><\/div><\/div>\t\t\t\t\t\t\t\t<\/div>\n\t\t\t\t<\/div>\n\t\t\t\t\t<\/div>\n\t\t<\/div>\n\t\t\t\t\t<\/div>\n\t\t<\/section>\n\t\t\t\t<\/div>\n\t\t","protected":false},"excerpt":{"rendered":"<p>Les Caravanes Moselle Terre de Jeux, c&rsquo;est LE rendez-vous sportif et festif \u00e0 ne pas manquer cet \u00e9t\u00e9 sur les territoires !<br \/>\nPetits et grands pourront profiter d&rsquo;animations gratuites, de d\u00e9monstrations sportives, de march\u00e9s artisanaux et gourmands 100% local. Les festivit\u00e9s se poursuivent en fin de journ\u00e9e avec des spectacles et des performances artistiques !<\/p>\n","protected":false},"author":1,"featured_media":0,"template":"","meta":{"_tribe_events_status":"","_tribe_events_status_reason":"","footnotes":""},"tags":[],"tribe_events_cat":[10],"class_list":["post-2676","tribe_events","type-tribe_events","status-publish","hentry","tribe_events_cat-stage","cat_stage","entry"],"_links":{"self":[{"href":"https:\/\/assonances.fr\/WP\/wp-json\/wp\/v2\/tribe_events\/2676","targetHints":{"allow":["GET"]}}],"collection":[{"href":"https:\/\/assonances.fr\/WP\/wp-json\/wp\/v2\/tribe_events"}],"about":[{"href":"https:\/\/assonances.fr\/WP\/wp-json\/wp\/v2\/types\/tribe_events"}],"author":[{"embeddable":true,"href":"https:\/\/assonances.fr\/WP\/wp-json\/wp\/v2\/users\/1"}],"version-history":[{"count":6,"href":"https:\/\/assonances.fr\/WP\/wp-json\/wp\/v2\/tribe_events\/2676\/revisions"}],"predecessor-version":[{"id":2684,"href":"https:\/\/assonances.fr\/WP\/wp-json\/wp\/v2\/tribe_events\/2676\/revisions\/2684"}],"wp:attachment":[{"href":"https:\/\/assonances.fr\/WP\/wp-json\/wp\/v2\/media?parent=2676"}],"wp:term":[{"taxonomy":"post_tag","embeddable":true,"href":"https:\/\/assonances.fr\/WP\/wp-json\/wp\/v2\/tags?post=2676"},{"taxonomy":"tribe_events_cat","embeddable":true,"href":"https:\/\/assonances.fr\/WP\/wp-json\/wp\/v2\/tribe_events_cat?post=2676"}],"curies":[{"name":"wp","href":"https:\/\/api.w.org\/{rel}","templated":true}]}}